{"id":7049,"date":"2024-10-23T16:37:57","date_gmt":"2024-10-23T14:37:57","guid":{"rendered":"https:\/\/wordpress-675958-4977025.cloudwaysapps.com\/news\/"},"modified":"2026-02-16T09:14:29","modified_gmt":"2026-02-16T08:14:29","slug":"news","status":"publish","type":"page","link":"https:\/\/moissonnier.com\/en\/news\/","title":{"rendered":"News"},"content":{"rendered":"\n<div class=\"gb-grid-wrapper gb-grid-wrapper-fc4cb621 gb-query-loop-wrapper\">\n<div class=\"gb-grid-column gb-grid-column-4d926311 gb-query-loop-item post-12167 post type-post status-publish format-standard has-post-thumbnail hentry category-news\"><div class=\"gb-container gb-container-4d926311\">\n<figure class=\"gb-block-image gb-block-image-593681a4\"><a href=\"https:\/\/moissonnier.com\/en\/the-centenary-of-the-art-deco-movement\/\"><img loading=\"lazy\" decoding=\"async\" width=\"500\" height=\"500\" src=\"https:\/\/moissonnier.com\/wp-content\/uploads\/2023\/12\/Moissonnier-commode-Rocaille-Elysee.jpg\" class=\"gb-image-593681a4\" alt=\"\" srcset=\"https:\/\/moissonnier.com\/wp-content\/uploads\/2023\/12\/Moissonnier-commode-Rocaille-Elysee.jpg 500w, https:\/\/moissonnier.com\/wp-content\/uploads\/2023\/12\/Moissonnier-commode-Rocaille-Elysee-300x300.jpg 300w, https:\/\/moissonnier.com\/wp-content\/uploads\/2023\/12\/Moissonnier-commode-Rocaille-Elysee-150x150.jpg 150w, https:\/\/moissonnier.com\/wp-content\/uploads\/2023\/12\/Moissonnier-commode-Rocaille-Elysee-100x100.jpg 100w, https:\/\/moissonnier.com\/wp-content\/uploads\/2023\/12\/Moissonnier-commode-Rocaille-Elysee-120x120.jpg 120w\" sizes=\"auto, (max-width: 500px) 100vw, 500px\" \/><\/a><\/figure>\n\n<div class=\"gb-container gb-container-9a8cf102\">\n<p class=\"gb-headline gb-headline-03bb1032 gb-headline-text\"><time class=\"entry-date published\" datetime=\"2026-02-20T14:37:37+01:00\">20 February 2026<\/time><\/p>\n\n<h2 class=\"gb-headline gb-headline-565ec60b gb-headline-text\"><a href=\"https:\/\/moissonnier.com\/en\/the-centenary-of-the-art-deco-movement\/\">The centenary of the Art Deco movement<\/a><\/h2>\n\n<div class=\"gb-headline gb-headline-0360e4fb gb-headline-text\">A lacquered chest of drawers 1920 To mark the centenary of Art Deco, Moissonnier is honoring its 1920 lacquered chest of drawers, inspired by a model signed Paul Follot, one of the &#8220;inventors&#8221; of this emblematic movement. An Art Deco rarity in the collection, this piece combines luxury, innovation and craftsmanship, embodying the daring spirit &#8230; <a title=\"The centenary of the Art Deco movement\" class=\"read-more\" href=\"https:\/\/moissonnier.com\/en\/the-centenary-of-the-art-deco-movement\/\" aria-label=\"Read more about The centenary of the Art Deco movement\">Read more<\/a><\/div>\n<\/div>\n<\/div><\/div>\n\n<div class=\"gb-grid-column gb-grid-column-4d926311 gb-query-loop-item post-12160 post type-post status-publish format-standard has-post-thumbnail hentry category-news\"><div class=\"gb-container gb-container-4d926311\">\n<figure class=\"gb-block-image gb-block-image-593681a4\"><a href=\"https:\/\/moissonnier.com\/en\/the-porcelain-chest-of-drawers-a-brand-new-design\/\"><img loading=\"lazy\" decoding=\"async\" width=\"2329\" height=\"2560\" src=\"https:\/\/moissonnier.com\/wp-content\/uploads\/2026\/02\/Moissonnier-commode-573-porcelaine-rose-fond-scaled.jpg\" class=\"gb-image-593681a4\" alt=\"\" srcset=\"https:\/\/moissonnier.com\/wp-content\/uploads\/2026\/02\/Moissonnier-commode-573-porcelaine-rose-fond-scaled.jpg 2329w, https:\/\/moissonnier.com\/wp-content\/uploads\/2026\/02\/Moissonnier-commode-573-porcelaine-rose-fond-273x300.jpg 273w, https:\/\/moissonnier.com\/wp-content\/uploads\/2026\/02\/Moissonnier-commode-573-porcelaine-rose-fond-932x1024.jpg 932w, https:\/\/moissonnier.com\/wp-content\/uploads\/2026\/02\/Moissonnier-commode-573-porcelaine-rose-fond-768x844.jpg 768w, https:\/\/moissonnier.com\/wp-content\/uploads\/2026\/02\/Moissonnier-commode-573-porcelaine-rose-fond-1397x1536.jpg 1397w, https:\/\/moissonnier.com\/wp-content\/uploads\/2026\/02\/Moissonnier-commode-573-porcelaine-rose-fond-1863x2048.jpg 1863w, https:\/\/moissonnier.com\/wp-content\/uploads\/2026\/02\/Moissonnier-commode-573-porcelaine-rose-fond-600x660.jpg 600w, https:\/\/moissonnier.com\/wp-content\/uploads\/2026\/02\/Moissonnier-commode-573-porcelaine-rose-fond-500x550.jpg 500w, https:\/\/moissonnier.com\/wp-content\/uploads\/2026\/02\/Moissonnier-commode-573-porcelaine-rose-fond-800x879.jpg 800w, https:\/\/moissonnier.com\/wp-content\/uploads\/2026\/02\/Moissonnier-commode-573-porcelaine-rose-fond-1280x1407.jpg 1280w, https:\/\/moissonnier.com\/wp-content\/uploads\/2026\/02\/Moissonnier-commode-573-porcelaine-rose-fond-1920x2111.jpg 1920w\" sizes=\"auto, (max-width: 2329px) 100vw, 2329px\" \/><\/a><\/figure>\n\n<div class=\"gb-container gb-container-9a8cf102\">\n<p class=\"gb-headline gb-headline-03bb1032 gb-headline-text\"><time class=\"entry-date published\" datetime=\"2026-01-20T14:39:15+01:00\">20 January 2026<\/time><\/p>\n\n<h2 class=\"gb-headline gb-headline-565ec60b gb-headline-text\"><a href=\"https:\/\/moissonnier.com\/en\/the-porcelain-chest-of-drawers-a-brand-new-design\/\">The &#8220;Porcelain&#8221; chest-of-drawers: a brand-new design<\/a><\/h2>\n\n<div class=\"gb-headline gb-headline-0360e4fb gb-headline-text\">A fusion of fine woodworking and French porcelain craftsmanship. The result of extensive experimentation, our Louis XV chest of drawers features a completely new, original design in which the bronze ornaments have been crafted from white Limoges porcelain, adding depth and brilliance to our iconic model. Created in collaboration with Ateliers Arqui\u00e9, this 100% French &#8230; <a title=\"The &#8220;Porcelain&#8221; chest-of-drawers: a brand-new design\" class=\"read-more\" href=\"https:\/\/moissonnier.com\/en\/the-porcelain-chest-of-drawers-a-brand-new-design\/\" aria-label=\"Read more about The &#8220;Porcelain&#8221; chest-of-drawers: a brand-new design\">Read more<\/a><\/div>\n<\/div>\n<\/div><\/div>\n\n<div class=\"gb-grid-column gb-grid-column-4d926311 gb-query-loop-item post-12036 post type-post status-publish format-standard has-post-thumbnail hentry category-news\"><div class=\"gb-container gb-container-4d926311\">\n<figure class=\"gb-block-image gb-block-image-593681a4\"><a href=\"https:\/\/moissonnier.com\/en\/paul-poiret-art-deco-and-moissonnier\/\"><img loading=\"lazy\" decoding=\"async\" width=\"500\" height=\"500\" src=\"https:\/\/moissonnier.com\/wp-content\/uploads\/2025\/12\/fontenoy-en-500x500-1.jpg\" class=\"gb-image-593681a4\" alt=\"\" srcset=\"https:\/\/moissonnier.com\/wp-content\/uploads\/2025\/12\/fontenoy-en-500x500-1.jpg 500w, https:\/\/moissonnier.com\/wp-content\/uploads\/2025\/12\/fontenoy-en-500x500-1-300x300.jpg 300w, https:\/\/moissonnier.com\/wp-content\/uploads\/2025\/12\/fontenoy-en-500x500-1-150x150.jpg 150w, https:\/\/moissonnier.com\/wp-content\/uploads\/2025\/12\/fontenoy-en-500x500-1-100x100.jpg 100w, https:\/\/moissonnier.com\/wp-content\/uploads\/2025\/12\/fontenoy-en-500x500-1-120x120.jpg 120w\" sizes=\"auto, (max-width: 500px) 100vw, 500px\" \/><\/a><\/figure>\n\n<div class=\"gb-container gb-container-9a8cf102\">\n<p class=\"gb-headline gb-headline-03bb1032 gb-headline-text\"><time class=\"entry-date published\" datetime=\"2025-12-01T14:34:40+01:00\">1 December 2025<\/time><\/p>\n\n<h2 class=\"gb-headline gb-headline-565ec60b gb-headline-text\"><a href=\"https:\/\/moissonnier.com\/en\/paul-poiret-art-deco-and-moissonnier\/\">Paul Poiret, Art Deco and Moissonnier<\/a><\/h2>\n\n<div class=\"gb-headline gb-headline-0360e4fb gb-headline-text\">To mark the 140th anniversary of the company and the centenary of the Arts D\u00e9coratifs, Moissonnier drew inspiration from a motif designed by artist Raoul Dufy and couturier Paul Poiret for a library in Fontenoy. A dialogue between heritage and modernity In 2025, Paris celebrates 100 years of the Decorative Arts with a major retrospective, &#8230; <a title=\"Paul Poiret, Art Deco and Moissonnier\" class=\"read-more\" href=\"https:\/\/moissonnier.com\/en\/paul-poiret-art-deco-and-moissonnier\/\" aria-label=\"Read more about Paul Poiret, Art Deco and Moissonnier\">Read more<\/a><\/div>\n<\/div>\n<\/div><\/div>\n\n<div class=\"gb-grid-column gb-grid-column-4d926311 gb-query-loop-item post-12037 post type-post status-publish format-standard has-post-thumbnail hentry category-news\"><div class=\"gb-container gb-container-4d926311\">\n<figure class=\"gb-block-image gb-block-image-593681a4\"><a href=\"https:\/\/moissonnier.com\/en\/lets-play\/\"><img loading=\"lazy\" decoding=\"async\" width=\"500\" height=\"500\" src=\"https:\/\/moissonnier.com\/wp-content\/uploads\/2025\/10\/DECOREX-RS2-scaled-e1766500574537.jpg\" class=\"gb-image-593681a4\" alt=\"\" \/><\/a><\/figure>\n\n<div class=\"gb-container gb-container-9a8cf102\">\n<p class=\"gb-headline gb-headline-03bb1032 gb-headline-text\"><time class=\"entry-date published\" datetime=\"2025-10-15T11:58:33+02:00\">15 October 2025<\/time><\/p>\n\n<h2 class=\"gb-headline gb-headline-565ec60b gb-headline-text\"><a href=\"https:\/\/moissonnier.com\/en\/lets-play\/\">Let&#8217;s Play!<\/a><\/h2>\n\n<div class=\"gb-headline gb-headline-0360e4fb gb-headline-text\">For its participation in the Decorexthe must-attend event for decorating professionals, Moissonnier offers an immersive experience in which historic furniture takes on a dreamlike dimension. An invitation to rediscover the art of living, between timeless elegance and quirky fantasy. A journey between dreams and heritage For this 2025 edition, Moissonnier transforms its stand into a &#8230; <a title=\"Let&#8217;s Play!\" class=\"read-more\" href=\"https:\/\/moissonnier.com\/en\/lets-play\/\" aria-label=\"Read more about Let&#8217;s Play!\">Read more<\/a><\/div>\n<\/div>\n<\/div><\/div>\n\n<div class=\"gb-grid-column gb-grid-column-4d926311 gb-query-loop-item post-7179 post type-post status-publish format-standard has-post-thumbnail hentry category-news\"><div class=\"gb-container gb-container-4d926311\">\n<figure class=\"gb-block-image gb-block-image-593681a4\"><a href=\"https:\/\/moissonnier.com\/en\/moissonniers-outdoor-furniture-dressed-by-nobilis\/\"><img loading=\"lazy\" decoding=\"async\" width=\"500\" height=\"500\" src=\"https:\/\/moissonnier.com\/wp-content\/uploads\/2025\/05\/Moissonnier-Nobilis-outdoor-collection.jpg\" class=\"gb-image-593681a4\" alt=\"\" srcset=\"https:\/\/moissonnier.com\/wp-content\/uploads\/2025\/05\/Moissonnier-Nobilis-outdoor-collection.jpg 500w, https:\/\/moissonnier.com\/wp-content\/uploads\/2025\/05\/Moissonnier-Nobilis-outdoor-collection-300x300.jpg 300w, https:\/\/moissonnier.com\/wp-content\/uploads\/2025\/05\/Moissonnier-Nobilis-outdoor-collection-150x150.jpg 150w, https:\/\/moissonnier.com\/wp-content\/uploads\/2025\/05\/Moissonnier-Nobilis-outdoor-collection-100x100.jpg 100w, https:\/\/moissonnier.com\/wp-content\/uploads\/2025\/05\/Moissonnier-Nobilis-outdoor-collection-120x120.jpg 120w\" sizes=\"auto, (max-width: 500px) 100vw, 500px\" \/><\/a><\/figure>\n\n<div class=\"gb-container gb-container-9a8cf102\">\n<p class=\"gb-headline gb-headline-03bb1032 gb-headline-text\"><time class=\"entry-date published\" datetime=\"2025-03-26T08:53:00+01:00\">26 March 2025<\/time><\/p>\n\n<h2 class=\"gb-headline gb-headline-565ec60b gb-headline-text\"><a href=\"https:\/\/moissonnier.com\/en\/moissonniers-outdoor-furniture-dressed-by-nobilis\/\">Moissonnier&#8217;s outdoor furniture dressed by Nobilis<\/a><\/h2>\n\n<div class=\"gb-headline gb-headline-0360e4fb gb-headline-text\">A wonderful meeting with Nobilis, our publisher, to discuss our outdoor furniture collection. An opportunity for the French publisher to showcase its latest outdoor textile creations. In the spirit of the patio, Nobilis exhibits three of our pieces in its showroom on Rue Bonaparte in Paris. Discover them now&#8230;<\/div>\n<\/div>\n<\/div><\/div>\n\n<div class=\"gb-grid-column gb-grid-column-4d926311 gb-query-loop-item post-7181 post type-post status-publish format-standard has-post-thumbnail hentry category-news\"><div class=\"gb-container gb-container-4d926311\">\n<figure class=\"gb-block-image gb-block-image-593681a4\"><a href=\"https:\/\/moissonnier.com\/en\/celebrating-140-years-of-boldness-and-creativity\/\"><img loading=\"lazy\" decoding=\"async\" width=\"500\" height=\"500\" src=\"https:\/\/moissonnier.com\/wp-content\/uploads\/2025\/05\/Moissonnier-140ans.jpg\" class=\"gb-image-593681a4\" alt=\"\" srcset=\"https:\/\/moissonnier.com\/wp-content\/uploads\/2025\/05\/Moissonnier-140ans.jpg 500w, https:\/\/moissonnier.com\/wp-content\/uploads\/2025\/05\/Moissonnier-140ans-300x300.jpg 300w, https:\/\/moissonnier.com\/wp-content\/uploads\/2025\/05\/Moissonnier-140ans-150x150.jpg 150w, https:\/\/moissonnier.com\/wp-content\/uploads\/2025\/05\/Moissonnier-140ans-100x100.jpg 100w, https:\/\/moissonnier.com\/wp-content\/uploads\/2025\/05\/Moissonnier-140ans-120x120.jpg 120w\" sizes=\"auto, (max-width: 500px) 100vw, 500px\" \/><\/a><\/figure>\n\n<div class=\"gb-container gb-container-9a8cf102\">\n<p class=\"gb-headline gb-headline-03bb1032 gb-headline-text\"><time class=\"entry-date published\" datetime=\"2025-01-17T08:54:00+01:00\">17 January 2025<\/time><\/p>\n\n<h2 class=\"gb-headline gb-headline-565ec60b gb-headline-text\"><a href=\"https:\/\/moissonnier.com\/en\/celebrating-140-years-of-boldness-and-creativity\/\">Celebrating 140 years of boldness and creativity!<\/a><\/h2>\n\n<div class=\"gb-headline gb-headline-0360e4fb gb-headline-text\">2025 is a time of celebration for Moissonnier, which has been boldly and creatively shaking up the muted world of stylish furniture for 140 years! For the occasion, we gathered our most loyal friends for a party in the heart of Paris, and put color and a certain excess in the spotlight! The program includes &#8230; <a title=\"Celebrating 140 years of boldness and creativity!\" class=\"read-more\" href=\"https:\/\/moissonnier.com\/en\/celebrating-140-years-of-boldness-and-creativity\/\" aria-label=\"Read more about Celebrating 140 years of boldness and creativity!\">Read more<\/a><\/div>\n<\/div>\n<\/div><\/div>\n\n<div class=\"gb-grid-column gb-grid-column-4d926311 gb-query-loop-item post-7183 post type-post status-publish format-standard has-post-thumbnail hentry category-news\"><div class=\"gb-container gb-container-4d926311\">\n<figure class=\"gb-block-image gb-block-image-593681a4\"><a href=\"https:\/\/moissonnier.com\/en\/a-luminous-collaboration\/\"><img loading=\"lazy\" decoding=\"async\" width=\"500\" height=\"500\" src=\"https:\/\/moissonnier.com\/wp-content\/uploads\/2025\/04\/Beau-et-Bien-Moissonnier-Collab.jpg\" class=\"gb-image-593681a4\" alt=\"\" srcset=\"https:\/\/moissonnier.com\/wp-content\/uploads\/2025\/04\/Beau-et-Bien-Moissonnier-Collab.jpg 500w, https:\/\/moissonnier.com\/wp-content\/uploads\/2025\/04\/Beau-et-Bien-Moissonnier-Collab-300x300.jpg 300w, https:\/\/moissonnier.com\/wp-content\/uploads\/2025\/04\/Beau-et-Bien-Moissonnier-Collab-150x150.jpg 150w, https:\/\/moissonnier.com\/wp-content\/uploads\/2025\/04\/Beau-et-Bien-Moissonnier-Collab-100x100.jpg 100w, https:\/\/moissonnier.com\/wp-content\/uploads\/2025\/04\/Beau-et-Bien-Moissonnier-Collab-120x120.jpg 120w\" sizes=\"auto, (max-width: 500px) 100vw, 500px\" \/><\/a><\/figure>\n\n<div class=\"gb-container gb-container-9a8cf102\">\n<p class=\"gb-headline gb-headline-03bb1032 gb-headline-text\"><time class=\"entry-date published\" datetime=\"2024-10-05T14:13:00+02:00\">5 October 2024<\/time><\/p>\n\n<h2 class=\"gb-headline gb-headline-565ec60b gb-headline-text\"><a href=\"https:\/\/moissonnier.com\/en\/a-luminous-collaboration\/\">A luminous collaboration<\/a><\/h2>\n\n<div class=\"gb-headline gb-headline-0360e4fb gb-headline-text\">Combining their respective expertise, Moissonnier and Beau &amp; Bien present an exceptional collaboration: a luminous, artistic porcelain tray, integrated into the iconic Louis XV chest of drawers (ref. 573). This unique creation fuses the expertise of both houses to create a piece as aesthetic as it is innovative. When luminous art meets stylish furniture This &#8230; <a title=\"A luminous collaboration\" class=\"read-more\" href=\"https:\/\/moissonnier.com\/en\/a-luminous-collaboration\/\" aria-label=\"Read more about A luminous collaboration\">Read more<\/a><\/div>\n<\/div>\n<\/div><\/div>\n\n<div class=\"gb-grid-column gb-grid-column-4d926311 gb-query-loop-item post-10602 post type-post status-publish format-standard has-post-thumbnail hentry category-news\"><div class=\"gb-container gb-container-4d926311\">\n<figure class=\"gb-block-image gb-block-image-593681a4\"><a href=\"https:\/\/moissonnier.com\/en\/chromo-sapiens\/\"><img loading=\"lazy\" decoding=\"async\" width=\"500\" height=\"500\" src=\"https:\/\/moissonnier.com\/wp-content\/uploads\/2025\/05\/FrenchDesignByVia-FrenchGarden-moissonnier.jpg\" class=\"gb-image-593681a4\" alt=\"\" srcset=\"https:\/\/moissonnier.com\/wp-content\/uploads\/2025\/05\/FrenchDesignByVia-FrenchGarden-moissonnier.jpg 500w, https:\/\/moissonnier.com\/wp-content\/uploads\/2025\/05\/FrenchDesignByVia-FrenchGarden-moissonnier-300x300.jpg 300w, https:\/\/moissonnier.com\/wp-content\/uploads\/2025\/05\/FrenchDesignByVia-FrenchGarden-moissonnier-150x150.jpg 150w, https:\/\/moissonnier.com\/wp-content\/uploads\/2025\/05\/FrenchDesignByVia-FrenchGarden-moissonnier-100x100.jpg 100w, https:\/\/moissonnier.com\/wp-content\/uploads\/2025\/05\/FrenchDesignByVia-FrenchGarden-moissonnier-120x120.jpg 120w\" sizes=\"auto, (max-width: 500px) 100vw, 500px\" \/><\/a><\/figure>\n\n<div class=\"gb-container gb-container-9a8cf102\">\n<p class=\"gb-headline gb-headline-03bb1032 gb-headline-text\"><time class=\"entry-date published\" datetime=\"2024-05-14T08:54:00+02:00\">14 May 2024<\/time><\/p>\n\n<h2 class=\"gb-headline gb-headline-565ec60b gb-headline-text\"><a href=\"https:\/\/moissonnier.com\/en\/chromo-sapiens\/\">Chromo Sapiens<\/a><\/h2>\n\n<div class=\"gb-headline gb-headline-0360e4fb gb-headline-text\">French Design presents an exhibition on the theme of color, bringing together some twenty French manufacturers and editors, around seats created by designers and architects. Each piece celebrates creation in an ultra-pop and colorful scenography imagined by ch\u00e2teau Uchronia. The various pieces on show are designed to demonstrate the key role played by color in &#8230; <a title=\"Chromo Sapiens\" class=\"read-more\" href=\"https:\/\/moissonnier.com\/en\/chromo-sapiens\/\" aria-label=\"Read more about Chromo Sapiens\">Read more<\/a><\/div>\n<\/div>\n<\/div><\/div>\n\n<div class=\"gb-grid-column gb-grid-column-4d926311 gb-query-loop-item post-7185 post type-post status-publish format-standard has-post-thumbnail hentry category-news\"><div class=\"gb-container gb-container-4d926311\">\n<figure class=\"gb-block-image gb-block-image-593681a4\"><a href=\"https:\/\/moissonnier.com\/en\/loeuvre-au-noir\/\"><img loading=\"lazy\" decoding=\"async\" width=\"500\" height=\"500\" src=\"https:\/\/moissonnier.com\/wp-content\/uploads\/2024\/01\/Moissonnier-commode-573-bois-brule-02.jpg\" class=\"gb-image-593681a4\" alt=\"\" srcset=\"https:\/\/moissonnier.com\/wp-content\/uploads\/2024\/01\/Moissonnier-commode-573-bois-brule-02.jpg 500w, https:\/\/moissonnier.com\/wp-content\/uploads\/2024\/01\/Moissonnier-commode-573-bois-brule-02-300x300.jpg 300w, https:\/\/moissonnier.com\/wp-content\/uploads\/2024\/01\/Moissonnier-commode-573-bois-brule-02-150x150.jpg 150w, https:\/\/moissonnier.com\/wp-content\/uploads\/2024\/01\/Moissonnier-commode-573-bois-brule-02-100x100.jpg 100w, https:\/\/moissonnier.com\/wp-content\/uploads\/2024\/01\/Moissonnier-commode-573-bois-brule-02-120x120.jpg 120w\" sizes=\"auto, (max-width: 500px) 100vw, 500px\" \/><\/a><\/figure>\n\n<div class=\"gb-container gb-container-9a8cf102\">\n<p class=\"gb-headline gb-headline-03bb1032 gb-headline-text\"><time class=\"entry-date published\" datetime=\"2024-01-19T15:25:00+01:00\">19 January 2024<\/time><\/p>\n\n<h2 class=\"gb-headline gb-headline-565ec60b gb-headline-text\"><a href=\"https:\/\/moissonnier.com\/en\/loeuvre-au-noir\/\">L&#8217;\u0153uvre au noir<\/a><\/h2>\n\n<div class=\"gb-headline gb-headline-0360e4fb gb-headline-text\">Inspired by the Japanese tradition of burnt wood, our craftsmen have deployed this technique, otherwise known as Shou Sigu Ban. To embrace the spirit of this process, we chose walnut, a wood with character, and parts that are usually downgraded because of their knots and cracks. Once burned, these defects become precious asperities, giving the &#8230; <a title=\"L&#8217;\u0153uvre au noir\" class=\"read-more\" href=\"https:\/\/moissonnier.com\/en\/loeuvre-au-noir\/\" aria-label=\"Read more about L&#8217;\u0153uvre au noir\">Read more<\/a><\/div>\n<\/div>\n<\/div><\/div>\n\n<div class=\"gb-grid-column gb-grid-column-4d926311 gb-query-loop-item post-7187 post type-post status-publish format-standard has-post-thumbnail hentry category-news\"><div class=\"gb-container gb-container-4d926311\">\n<figure class=\"gb-block-image gb-block-image-593681a4\"><a href=\"https:\/\/moissonnier.com\/en\/launch-of-our-first-outdoor-furniture-collection-by-pierre-gonalons\/\"><img loading=\"lazy\" decoding=\"async\" width=\"500\" height=\"500\" src=\"https:\/\/moissonnier.com\/wp-content\/uploads\/2023\/09\/outdoor.jpg\" class=\"gb-image-593681a4\" alt=\"\" srcset=\"https:\/\/moissonnier.com\/wp-content\/uploads\/2023\/09\/outdoor.jpg 500w, https:\/\/moissonnier.com\/wp-content\/uploads\/2023\/09\/outdoor-300x300.jpg 300w, https:\/\/moissonnier.com\/wp-content\/uploads\/2023\/09\/outdoor-150x150.jpg 150w, https:\/\/moissonnier.com\/wp-content\/uploads\/2023\/09\/outdoor-100x100.jpg 100w, https:\/\/moissonnier.com\/wp-content\/uploads\/2023\/09\/outdoor-120x120.jpg 120w\" sizes=\"auto, (max-width: 500px) 100vw, 500px\" \/><\/a><\/figure>\n\n<div class=\"gb-container gb-container-9a8cf102\">\n<p class=\"gb-headline gb-headline-03bb1032 gb-headline-text\"><time class=\"entry-date published\" datetime=\"2023-09-10T08:53:00+02:00\">10 September 2023<\/time><\/p>\n\n<h2 class=\"gb-headline gb-headline-565ec60b gb-headline-text\"><a href=\"https:\/\/moissonnier.com\/en\/launch-of-our-first-outdoor-furniture-collection-by-pierre-gonalons\/\">Launch of our first outdoor furniture collection by Pierre Gonalons<\/a><\/h2>\n\n<div class=\"gb-headline gb-headline-0360e4fb gb-headline-text\">After many months of testing to withstand weather, temperature changes and blazing sun, we&#8217;re launching our first outdoor furniture collection, called French Garden. Designed by Pierre Gonalons, it draws its inspiration from the French gardens of the 18th century. Available as a daybed, sofa, armchairs and tables, the French Garden collection is inspired by wooden &#8230; <a title=\"Launch of our first outdoor furniture collection by Pierre Gonalons\" class=\"read-more\" href=\"https:\/\/moissonnier.com\/en\/launch-of-our-first-outdoor-furniture-collection-by-pierre-gonalons\/\" aria-label=\"Read more about Launch of our first outdoor furniture collection by Pierre Gonalons\">Read more<\/a><\/div>\n<\/div>\n<\/div><\/div>\n\n<div class=\"gb-grid-column gb-grid-column-4d926311 gb-query-loop-item post-7189 post type-post status-publish format-standard has-post-thumbnail hentry category-news\"><div class=\"gb-container gb-container-4d926311\">\n<figure class=\"gb-block-image gb-block-image-593681a4\"><a href=\"https:\/\/moissonnier.com\/en\/rocaille-chest-of-drawers-at-the-palais-de-lelysee-in-paris\/\"><img loading=\"lazy\" decoding=\"async\" width=\"500\" height=\"500\" src=\"https:\/\/moissonnier.com\/wp-content\/uploads\/2023\/12\/Moissonnier-commode-Rocaille-Elysee.jpg\" class=\"gb-image-593681a4\" alt=\"\" srcset=\"https:\/\/moissonnier.com\/wp-content\/uploads\/2023\/12\/Moissonnier-commode-Rocaille-Elysee.jpg 500w, https:\/\/moissonnier.com\/wp-content\/uploads\/2023\/12\/Moissonnier-commode-Rocaille-Elysee-300x300.jpg 300w, https:\/\/moissonnier.com\/wp-content\/uploads\/2023\/12\/Moissonnier-commode-Rocaille-Elysee-150x150.jpg 150w, https:\/\/moissonnier.com\/wp-content\/uploads\/2023\/12\/Moissonnier-commode-Rocaille-Elysee-100x100.jpg 100w, https:\/\/moissonnier.com\/wp-content\/uploads\/2023\/12\/Moissonnier-commode-Rocaille-Elysee-120x120.jpg 120w\" sizes=\"auto, (max-width: 500px) 100vw, 500px\" \/><\/a><\/figure>\n\n<div class=\"gb-container gb-container-9a8cf102\">\n<p class=\"gb-headline gb-headline-03bb1032 gb-headline-text\"><time class=\"entry-date published\" datetime=\"2023-07-01T11:13:00+02:00\">1 July 2023<\/time><\/p>\n\n<h2 class=\"gb-headline gb-headline-565ec60b gb-headline-text\"><a href=\"https:\/\/moissonnier.com\/en\/rocaille-chest-of-drawers-at-the-palais-de-lelysee-in-paris\/\">Rocaille chest of drawers at the Palais de l&#8217;Elys\u00e9e in Paris<\/a><\/h2>\n\n<div class=\"gb-headline gb-headline-0360e4fb gb-headline-text\">An icon at the Elys\u00e9e An icon of Moissonnier&#8217;s creations, the Louis XV chest of drawers by B.V.R.B. is transformed by Pierre Gonalons&#8217; contemporary vision of this unique piece. Renamed Rocaille, in reference to the characteristic style of the reign of Louis XV, a pink gradation veils the chest of drawers, gradually fading to reveal &#8230; <a title=\"Rocaille chest of drawers at the Palais de l&#8217;Elys\u00e9e in Paris\" class=\"read-more\" href=\"https:\/\/moissonnier.com\/en\/rocaille-chest-of-drawers-at-the-palais-de-lelysee-in-paris\/\" aria-label=\"Read more about Rocaille chest of drawers at the Palais de l&#8217;Elys\u00e9e in Paris\">Read more<\/a><\/div>\n<\/div>\n<\/div><\/div>\n\n<div class=\"gb-grid-column gb-grid-column-4d926311 gb-query-loop-item post-7191 post type-post status-publish format-standard has-post-thumbnail hentry category-news\"><div class=\"gb-container gb-container-4d926311\">\n<figure class=\"gb-block-image gb-block-image-593681a4\"><a href=\"https:\/\/moissonnier.com\/en\/on-the-way-to-dubai\/\"><img loading=\"lazy\" decoding=\"async\" width=\"500\" height=\"500\" src=\"https:\/\/moissonnier.com\/wp-content\/uploads\/2025\/05\/Showroom-Moissonnier-Dubai-01.jpg\" class=\"gb-image-593681a4\" alt=\"\" srcset=\"https:\/\/moissonnier.com\/wp-content\/uploads\/2025\/05\/Showroom-Moissonnier-Dubai-01.jpg 500w, https:\/\/moissonnier.com\/wp-content\/uploads\/2025\/05\/Showroom-Moissonnier-Dubai-01-300x300.jpg 300w, https:\/\/moissonnier.com\/wp-content\/uploads\/2025\/05\/Showroom-Moissonnier-Dubai-01-150x150.jpg 150w, https:\/\/moissonnier.com\/wp-content\/uploads\/2025\/05\/Showroom-Moissonnier-Dubai-01-100x100.jpg 100w, https:\/\/moissonnier.com\/wp-content\/uploads\/2025\/05\/Showroom-Moissonnier-Dubai-01-120x120.jpg 120w\" sizes=\"auto, (max-width: 500px) 100vw, 500px\" \/><\/a><\/figure>\n\n<div class=\"gb-container gb-container-9a8cf102\">\n<p class=\"gb-headline gb-headline-03bb1032 gb-headline-text\"><time class=\"entry-date published\" datetime=\"2023-05-15T09:30:00+02:00\">15 May 2023<\/time><\/p>\n\n<h2 class=\"gb-headline gb-headline-565ec60b gb-headline-text\"><a href=\"https:\/\/moissonnier.com\/en\/on-the-way-to-dubai\/\">On the way to Dubai!<\/a><\/h2>\n\n<div class=\"gb-headline gb-headline-0360e4fb gb-headline-text\">Housed in a characterful villa of almost 650 square meters, Moissonnier aims to appeal to customers who appreciate art and design, as well as French know-how. The interior was designed by Mana Jalalian and recreates the spaces of a home: entrance hall, living room, desks, bedrooms&#8230; Each room exudes a warmth conducive to wandering and &#8230; <a title=\"On the way to Dubai!\" class=\"read-more\" href=\"https:\/\/moissonnier.com\/en\/on-the-way-to-dubai\/\" aria-label=\"Read more about On the way to Dubai!\">Read more<\/a><\/div>\n<\/div>\n<\/div><\/div>\n\n<div class=\"gb-grid-column gb-grid-column-4d926311 gb-query-loop-item post-7193 post type-post status-publish format-standard has-post-thumbnail hentry category-news\"><div class=\"gb-container gb-container-4d926311\">\n<figure class=\"gb-block-image gb-block-image-593681a4\"><a href=\"https:\/\/moissonnier.com\/en\/in-many-manners-collection-by-french-designer-pierre-gonalons\/\"><img loading=\"lazy\" decoding=\"async\" width=\"500\" height=\"500\" src=\"https:\/\/moissonnier.com\/wp-content\/uploads\/2023\/01\/Moissonnier-ManyManners-PierreGonalons.jpg\" class=\"gb-image-593681a4\" alt=\"\" srcset=\"https:\/\/moissonnier.com\/wp-content\/uploads\/2023\/01\/Moissonnier-ManyManners-PierreGonalons.jpg 500w, https:\/\/moissonnier.com\/wp-content\/uploads\/2023\/01\/Moissonnier-ManyManners-PierreGonalons-300x300.jpg 300w, https:\/\/moissonnier.com\/wp-content\/uploads\/2023\/01\/Moissonnier-ManyManners-PierreGonalons-150x150.jpg 150w, https:\/\/moissonnier.com\/wp-content\/uploads\/2023\/01\/Moissonnier-ManyManners-PierreGonalons-100x100.jpg 100w, https:\/\/moissonnier.com\/wp-content\/uploads\/2023\/01\/Moissonnier-ManyManners-PierreGonalons-120x120.jpg 120w\" sizes=\"auto, (max-width: 500px) 100vw, 500px\" \/><\/a><\/figure>\n\n<div class=\"gb-container gb-container-9a8cf102\">\n<p class=\"gb-headline gb-headline-03bb1032 gb-headline-text\"><time class=\"entry-date published\" datetime=\"2023-01-15T08:53:00+01:00\">15 January 2023<\/time><\/p>\n\n<h2 class=\"gb-headline gb-headline-565ec60b gb-headline-text\"><a href=\"https:\/\/moissonnier.com\/en\/in-many-manners-collection-by-french-designer-pierre-gonalons\/\">In Many Manners collection by French designer Pierre Gonalons<\/a><\/h2>\n\n<div class=\"gb-headline gb-headline-0360e4fb gb-headline-text\">&#8220;After taking the time to observe the factory from the inside, I felt I had to put creativity and inventiveness back at the heart of its activities,&#8221; admits Christophe Martin. . &#8220;So we set out to find a creator with a background in style who could restore Moissonnier to its former glory. As soon as &#8230; <a title=\"In Many Manners collection by French designer Pierre Gonalons\" class=\"read-more\" href=\"https:\/\/moissonnier.com\/en\/in-many-manners-collection-by-french-designer-pierre-gonalons\/\" aria-label=\"Read more about In Many Manners collection by French designer Pierre Gonalons\">Read more<\/a><\/div>\n<\/div>\n<\/div><\/div>\n\n<div class=\"gb-grid-column gb-grid-column-4d926311 gb-query-loop-item post-7195 post type-post status-publish format-standard has-post-thumbnail hentry category-news\"><div class=\"gb-container gb-container-4d926311\">\n<figure class=\"gb-block-image gb-block-image-593681a4\"><a href=\"https:\/\/moissonnier.com\/en\/an-exhibition-by-vincent-darre\/\"><img loading=\"lazy\" decoding=\"async\" width=\"500\" height=\"500\" src=\"https:\/\/moissonnier.com\/wp-content\/uploads\/2025\/04\/VincentDarre-ExpositionMonnaieParis\u00a9GuillaumeDeLaubier.jpg\" class=\"gb-image-593681a4\" alt=\"\" srcset=\"https:\/\/moissonnier.com\/wp-content\/uploads\/2025\/04\/VincentDarre-ExpositionMonnaieParis\u00a9GuillaumeDeLaubier.jpg 500w, https:\/\/moissonnier.com\/wp-content\/uploads\/2025\/04\/VincentDarre-ExpositionMonnaieParis\u00a9GuillaumeDeLaubier-300x300.jpg 300w, https:\/\/moissonnier.com\/wp-content\/uploads\/2025\/04\/VincentDarre-ExpositionMonnaieParis\u00a9GuillaumeDeLaubier-150x150.jpg 150w, https:\/\/moissonnier.com\/wp-content\/uploads\/2025\/04\/VincentDarre-ExpositionMonnaieParis\u00a9GuillaumeDeLaubier-100x100.jpg 100w, https:\/\/moissonnier.com\/wp-content\/uploads\/2025\/04\/VincentDarre-ExpositionMonnaieParis\u00a9GuillaumeDeLaubier-120x120.jpg 120w\" sizes=\"auto, (max-width: 500px) 100vw, 500px\" \/><\/a><\/figure>\n\n<div class=\"gb-container gb-container-9a8cf102\">\n<p class=\"gb-headline gb-headline-03bb1032 gb-headline-text\"><time class=\"entry-date published\" datetime=\"2022-09-09T14:11:00+02:00\">9 September 2022<\/time><\/p>\n\n<h2 class=\"gb-headline gb-headline-565ec60b gb-headline-text\"><a href=\"https:\/\/moissonnier.com\/en\/an-exhibition-by-vincent-darre\/\">An exhibition by Vincent Darr\u00e9<\/a><\/h2>\n\n<div class=\"gb-headline gb-headline-0360e4fb gb-headline-text\">As a member of the Haute Facture collective of French furniture manufacturers, Moissonnier is taking part in the exhibition Psychanalyse d&#8217;un meuble \u00e0 quatre pattes, conceived by decorator Vincent Darr\u00e9. In this immersive exhibition, you&#8217;ll discover Moissonnier in a different light, through the expertise of each of the thirteen participating factories. In fact, the house &#8230; <a title=\"An exhibition by Vincent Darr\u00e9\" class=\"read-more\" href=\"https:\/\/moissonnier.com\/en\/an-exhibition-by-vincent-darre\/\" aria-label=\"Read more about An exhibition by Vincent Darr\u00e9\">Read more<\/a><\/div>\n<\/div>\n<\/div><\/div>\n\n<div class=\"gb-grid-column gb-grid-column-4d926311 gb-query-loop-item post-7197 post type-post status-publish format-standard has-post-thumbnail hentry category-news\"><div class=\"gb-container gb-container-4d926311\">\n<figure class=\"gb-block-image gb-block-image-593681a4\"><a href=\"https:\/\/moissonnier.com\/en\/new-showroom-in-paris\/\"><img loading=\"lazy\" decoding=\"async\" width=\"500\" height=\"500\" src=\"https:\/\/moissonnier.com\/wp-content\/uploads\/2025\/04\/Showroom-JardinInterieur-Moissonnier-Paris\u00a9Anne-EmmanuelleThion.jpg\" class=\"gb-image-593681a4\" alt=\"\" srcset=\"https:\/\/moissonnier.com\/wp-content\/uploads\/2025\/04\/Showroom-JardinInterieur-Moissonnier-Paris\u00a9Anne-EmmanuelleThion.jpg 500w, https:\/\/moissonnier.com\/wp-content\/uploads\/2025\/04\/Showroom-JardinInterieur-Moissonnier-Paris\u00a9Anne-EmmanuelleThion-300x300.jpg 300w, https:\/\/moissonnier.com\/wp-content\/uploads\/2025\/04\/Showroom-JardinInterieur-Moissonnier-Paris\u00a9Anne-EmmanuelleThion-150x150.jpg 150w, https:\/\/moissonnier.com\/wp-content\/uploads\/2025\/04\/Showroom-JardinInterieur-Moissonnier-Paris\u00a9Anne-EmmanuelleThion-100x100.jpg 100w, https:\/\/moissonnier.com\/wp-content\/uploads\/2025\/04\/Showroom-JardinInterieur-Moissonnier-Paris\u00a9Anne-EmmanuelleThion-120x120.jpg 120w\" sizes=\"auto, (max-width: 500px) 100vw, 500px\" \/><\/a><\/figure>\n\n<div class=\"gb-container gb-container-9a8cf102\">\n<p class=\"gb-headline gb-headline-03bb1032 gb-headline-text\"><time class=\"entry-date published\" datetime=\"2022-09-07T14:11:00+02:00\">7 September 2022<\/time><\/p>\n\n<h2 class=\"gb-headline gb-headline-565ec60b gb-headline-text\"><a href=\"https:\/\/moissonnier.com\/en\/new-showroom-in-paris\/\">New showroom in Paris<\/a><\/h2>\n\n<div class=\"gb-headline gb-headline-0360e4fb gb-headline-text\">A festival of surprises! Right from the window, the tone is set, the creativity affirmed. A spectacular, whimsical installation inspired by the Wunderkammer palaces of the Borromean Islands is unveiled. Our new Bambou collection, evocative of the villas of the Riviera in the early 20th century, is displayed in this calade-covered setting. Bambou is available &#8230; <a title=\"New showroom in Paris\" class=\"read-more\" href=\"https:\/\/moissonnier.com\/en\/new-showroom-in-paris\/\" aria-label=\"Read more about New showroom in Paris\">Read more<\/a><\/div>\n<\/div>\n<\/div><\/div>\n\n<div class=\"gb-grid-column gb-grid-column-4d926311 gb-query-loop-item post-7199 post type-post status-publish format-standard has-post-thumbnail hentry category-news\"><div class=\"gb-container gb-container-4d926311\">\n<figure class=\"gb-block-image gb-block-image-593681a4\"><a href=\"https:\/\/moissonnier.com\/en\/moissonnier-and-the-manufacture-royale-de-lectour\/\"><img loading=\"lazy\" decoding=\"async\" width=\"500\" height=\"500\" src=\"https:\/\/moissonnier.com\/wp-content\/uploads\/2022\/07\/ManufactureRoyale-Lectour-02\u00a9JeromeGalland.jpg\" class=\"gb-image-593681a4\" alt=\"\" srcset=\"https:\/\/moissonnier.com\/wp-content\/uploads\/2022\/07\/ManufactureRoyale-Lectour-02\u00a9JeromeGalland.jpg 500w, https:\/\/moissonnier.com\/wp-content\/uploads\/2022\/07\/ManufactureRoyale-Lectour-02\u00a9JeromeGalland-300x300.jpg 300w, https:\/\/moissonnier.com\/wp-content\/uploads\/2022\/07\/ManufactureRoyale-Lectour-02\u00a9JeromeGalland-150x150.jpg 150w, https:\/\/moissonnier.com\/wp-content\/uploads\/2022\/07\/ManufactureRoyale-Lectour-02\u00a9JeromeGalland-100x100.jpg 100w, https:\/\/moissonnier.com\/wp-content\/uploads\/2022\/07\/ManufactureRoyale-Lectour-02\u00a9JeromeGalland-120x120.jpg 120w\" sizes=\"auto, (max-width: 500px) 100vw, 500px\" \/><\/a><\/figure>\n\n<div class=\"gb-container gb-container-9a8cf102\">\n<p class=\"gb-headline gb-headline-03bb1032 gb-headline-text\"><time class=\"entry-date published\" datetime=\"2022-07-14T14:12:00+02:00\">14 July 2022<\/time><\/p>\n\n<h2 class=\"gb-headline gb-headline-565ec60b gb-headline-text\"><a href=\"https:\/\/moissonnier.com\/en\/moissonnier-and-the-manufacture-royale-de-lectour\/\">Moissonnier and the Manufacture Royale de Lectour<\/a><\/h2>\n\n<div class=\"gb-headline gb-headline-0360e4fb gb-headline-text\">An 18th-century historic monument and former royal leather tannery built by architect Pierre Racine, the Manufacture Royale de Lectour has risen from the ashes thanks to the passion and taste of two aesthetes. A powder-toned S\u00e9vign\u00e9 daybed and a Louis XIV bench in stripped wood have naturally found their place in the communal spaces. More &#8230; <a title=\"Moissonnier and the Manufacture Royale de Lectour\" class=\"read-more\" href=\"https:\/\/moissonnier.com\/en\/moissonnier-and-the-manufacture-royale-de-lectour\/\" aria-label=\"Read more about Moissonnier and the Manufacture Royale de Lectour\">Read more<\/a><\/div>\n<\/div>\n<\/div><\/div>\n\n<div class=\"gb-grid-column gb-grid-column-4d926311 gb-query-loop-item post-7201 post type-post status-publish format-standard has-post-thumbnail hentry category-news\"><div class=\"gb-container gb-container-4d926311\">\n<figure class=\"gb-block-image gb-block-image-593681a4\"><a href=\"https:\/\/moissonnier.com\/en\/a-new-era\/\"><img loading=\"lazy\" decoding=\"async\" width=\"500\" height=\"500\" src=\"https:\/\/moissonnier.com\/wp-content\/uploads\/2022\/03\/cm.jpg\" class=\"gb-image-593681a4\" alt=\"\" srcset=\"https:\/\/moissonnier.com\/wp-content\/uploads\/2022\/03\/cm.jpg 500w, https:\/\/moissonnier.com\/wp-content\/uploads\/2022\/03\/cm-300x300.jpg 300w, https:\/\/moissonnier.com\/wp-content\/uploads\/2022\/03\/cm-150x150.jpg 150w, https:\/\/moissonnier.com\/wp-content\/uploads\/2022\/03\/cm-100x100.jpg 100w, https:\/\/moissonnier.com\/wp-content\/uploads\/2022\/03\/cm-120x120.jpg 120w\" sizes=\"auto, (max-width: 500px) 100vw, 500px\" \/><\/a><\/figure>\n\n<div class=\"gb-container gb-container-9a8cf102\">\n<p class=\"gb-headline gb-headline-03bb1032 gb-headline-text\"><time class=\"entry-date published\" datetime=\"2022-03-01T14:10:00+01:00\">1 March 2022<\/time><\/p>\n\n<h2 class=\"gb-headline gb-headline-565ec60b gb-headline-text\"><a href=\"https:\/\/moissonnier.com\/en\/a-new-era\/\">A new era<\/a><\/h2>\n\n<div class=\"gb-headline gb-headline-0360e4fb gb-headline-text\">It&#8217;s this uniqueness that catches the eye when you walk through the door of the Bourg-en-Bresse workshops: a preserved treasure, one of the very last French workshops to master every stage, from design, development, manufacture and production, right through to the finishing touches that give that indefinable touch to pieces that seem to have always &#8230; <a title=\"A new era\" class=\"read-more\" href=\"https:\/\/moissonnier.com\/en\/a-new-era\/\" aria-label=\"Read more about A new era\">Read more<\/a><\/div>\n<\/div>\n<\/div><\/div>\n\n<div class=\"gb-grid-column gb-grid-column-4d926311 gb-query-loop-item post-7203 post type-post status-publish format-standard has-post-thumbnail hentry category-news\"><div class=\"gb-container gb-container-4d926311\">\n<figure class=\"gb-block-image gb-block-image-593681a4\"><a href=\"https:\/\/moissonnier.com\/en\/collaboration-with-le-presse-papier\/\"><img loading=\"lazy\" decoding=\"async\" width=\"800\" height=\"800\" src=\"https:\/\/moissonnier.com\/wp-content\/uploads\/2020\/09\/Moissonnier-PressePapier-Collab.jpg\" class=\"gb-image-593681a4\" alt=\"\" srcset=\"https:\/\/moissonnier.com\/wp-content\/uploads\/2020\/09\/Moissonnier-PressePapier-Collab.jpg 800w, https:\/\/moissonnier.com\/wp-content\/uploads\/2020\/09\/Moissonnier-PressePapier-Collab-300x300.jpg 300w, https:\/\/moissonnier.com\/wp-content\/uploads\/2020\/09\/Moissonnier-PressePapier-Collab-150x150.jpg 150w, https:\/\/moissonnier.com\/wp-content\/uploads\/2020\/09\/Moissonnier-PressePapier-Collab-768x768.jpg 768w, https:\/\/moissonnier.com\/wp-content\/uploads\/2020\/09\/Moissonnier-PressePapier-Collab-600x600.jpg 600w, https:\/\/moissonnier.com\/wp-content\/uploads\/2020\/09\/Moissonnier-PressePapier-Collab-100x100.jpg 100w, https:\/\/moissonnier.com\/wp-content\/uploads\/2020\/09\/Moissonnier-PressePapier-Collab-120x120.jpg 120w, https:\/\/moissonnier.com\/wp-content\/uploads\/2020\/09\/Moissonnier-PressePapier-Collab-500x500.jpg 500w\" sizes=\"auto, (max-width: 800px) 100vw, 800px\" \/><\/a><\/figure>\n\n<div class=\"gb-container gb-container-9a8cf102\">\n<p class=\"gb-headline gb-headline-03bb1032 gb-headline-text\"><time class=\"entry-date published\" datetime=\"2020-09-10T16:54:00+02:00\">10 September 2020<\/time><\/p>\n\n<h2 class=\"gb-headline gb-headline-565ec60b gb-headline-text\"><a href=\"https:\/\/moissonnier.com\/en\/collaboration-with-le-presse-papier\/\">Collaboration with Le Presse Papier<\/a><\/h2>\n\n<div class=\"gb-headline gb-headline-0360e4fb gb-headline-text\">With its sober lines and Directoire style, the 556 chiffonnier lends itself perfectly to the exotic, abundant designs of Presse Papier&#8217;s gouaches. While Savannah Nuit features lush vegetation, with hydrangeas, ferns and wild carrot flowers that are surprisingly realistic, Les Singes Bleus is a tribute to an incredibly modern fresco discovered on the island of &#8230; <a title=\"Collaboration with Le Presse Papier\" class=\"read-more\" href=\"https:\/\/moissonnier.com\/en\/collaboration-with-le-presse-papier\/\" aria-label=\"Read more about Collaboration with Le Presse Papier\">Read more<\/a><\/div>\n<\/div>\n<\/div><\/div>\n\n<div class=\"gb-grid-column gb-grid-column-4d926311 gb-query-loop-item post-7205 post type-post status-publish format-standard has-post-thumbnail hentry category-news\"><div class=\"gb-container gb-container-4d926311\">\n<figure class=\"gb-block-image gb-block-image-593681a4\"><a href=\"https:\/\/moissonnier.com\/en\/moissonnier-collaborates-with-artist-julien-colombier\/\"><img loading=\"lazy\" decoding=\"async\" width=\"500\" height=\"500\" src=\"https:\/\/moissonnier.com\/wp-content\/uploads\/2019\/01\/julien.jpg\" class=\"gb-image-593681a4\" alt=\"\" srcset=\"https:\/\/moissonnier.com\/wp-content\/uploads\/2019\/01\/julien.jpg 500w, https:\/\/moissonnier.com\/wp-content\/uploads\/2019\/01\/julien-300x300.jpg 300w, https:\/\/moissonnier.com\/wp-content\/uploads\/2019\/01\/julien-150x150.jpg 150w, https:\/\/moissonnier.com\/wp-content\/uploads\/2019\/01\/julien-100x100.jpg 100w, https:\/\/moissonnier.com\/wp-content\/uploads\/2019\/01\/julien-120x120.jpg 120w\" sizes=\"auto, (max-width: 500px) 100vw, 500px\" \/><\/a><\/figure>\n\n<div class=\"gb-container gb-container-9a8cf102\">\n<p class=\"gb-headline gb-headline-03bb1032 gb-headline-text\"><time class=\"entry-date published\" datetime=\"2019-01-27T16:51:10+01:00\">27 January 2019<\/time><\/p>\n\n<h2 class=\"gb-headline gb-headline-565ec60b gb-headline-text\"><a href=\"https:\/\/moissonnier.com\/en\/moissonnier-collaborates-with-artist-julien-colombier\/\">Moissonnier collaborates with artist Julien Colombier<\/a><\/h2>\n\n<div class=\"gb-headline gb-headline-0360e4fb gb-headline-text\">On the one hand, there&#8217;s the wood, dried, turned, carved, assembled and patinated with passion. A taste for the right shape, but also for striking patterns and colors. This is Moissonnier&#8217;s world.On the other hand, there&#8217;s a fantastic jungle, electric hues, a material that adds a dimension to the painting. This is the work of &#8230; <a title=\"Moissonnier collaborates with artist Julien Colombier\" class=\"read-more\" href=\"https:\/\/moissonnier.com\/en\/moissonnier-collaborates-with-artist-julien-colombier\/\" aria-label=\"Read more about Moissonnier collaborates with artist Julien Colombier\">Read more<\/a><\/div>\n<\/div>\n<\/div><\/div>\n\n<div class=\"gb-grid-column gb-grid-column-4d926311 gb-query-loop-item post-7207 post type-post status-publish format-standard has-post-thumbnail hentry category-news\"><div class=\"gb-container gb-container-4d926311\">\n<figure class=\"gb-block-image gb-block-image-593681a4\"><a href=\"https:\/\/moissonnier.com\/en\/moissonnier-displays-an-xxl-chest-of-drawers-in-paris\/\"><img loading=\"lazy\" decoding=\"async\" width=\"500\" height=\"500\" src=\"https:\/\/moissonnier.com\/wp-content\/uploads\/2019\/01\/xxl.jpg\" class=\"gb-image-593681a4\" alt=\"\" srcset=\"https:\/\/moissonnier.com\/wp-content\/uploads\/2019\/01\/xxl.jpg 500w, https:\/\/moissonnier.com\/wp-content\/uploads\/2019\/01\/xxl-300x300.jpg 300w, https:\/\/moissonnier.com\/wp-content\/uploads\/2019\/01\/xxl-150x150.jpg 150w, https:\/\/moissonnier.com\/wp-content\/uploads\/2019\/01\/xxl-100x100.jpg 100w, https:\/\/moissonnier.com\/wp-content\/uploads\/2019\/01\/xxl-120x120.jpg 120w\" sizes=\"auto, (max-width: 500px) 100vw, 500px\" \/><\/a><\/figure>\n\n<div class=\"gb-container gb-container-9a8cf102\">\n<p class=\"gb-headline gb-headline-03bb1032 gb-headline-text\"><time class=\"entry-date published\" datetime=\"2019-01-20T16:49:40+01:00\">20 January 2019<\/time><\/p>\n\n<h2 class=\"gb-headline gb-headline-565ec60b gb-headline-text\"><a href=\"https:\/\/moissonnier.com\/en\/moissonnier-displays-an-xxl-chest-of-drawers-in-paris\/\">Moissonnier displays an XXL chest of drawers in Paris<\/a><\/h2>\n\n<div class=\"gb-headline gb-headline-0360e4fb gb-headline-text\">For the 10th anniversary of Paris D\u00e9co Off, oversized pieces are taking over Paris. Our craftsmen created an XXL-size chest of drawers by Gabriel Faur\u00e9. Almost two meters high, it is installed just a few steps from the Caf\u00e9 de Flore. Postcard-perfect!<\/div>\n<\/div>\n<\/div><\/div>\n<\/div>\n","protected":false},"excerpt":{"rendered":"","protected":false},"author":2,"featured_media":0,"parent":0,"menu_order":0,"comment_status":"closed","ping_status":"closed","template":"","meta":{"_acf_changed":false,"footnotes":""},"class_list":{"0":"post-7049","1":"page","2":"type-page","3":"status-publish","5":"infinite-scroll-item"},"acf":[],"_links":{"self":[{"href":"https:\/\/moissonnier.com\/en\/wp-json\/wp\/v2\/pages\/7049","targetHints":{"allow":["GET"]}}],"collection":[{"href":"https:\/\/moissonnier.com\/en\/wp-json\/wp\/v2\/pages"}],"about":[{"href":"https:\/\/moissonnier.com\/en\/wp-json\/wp\/v2\/types\/page"}],"author":[{"embeddable":true,"href":"https:\/\/moissonnier.com\/en\/wp-json\/wp\/v2\/users\/2"}],"replies":[{"embeddable":true,"href":"https:\/\/moissonnier.com\/en\/wp-json\/wp\/v2\/comments?post=7049"}],"version-history":[{"count":2,"href":"https:\/\/moissonnier.com\/en\/wp-json\/wp\/v2\/pages\/7049\/revisions"}],"predecessor-version":[{"id":10581,"href":"https:\/\/moissonnier.com\/en\/wp-json\/wp\/v2\/pages\/7049\/revisions\/10581"}],"wp:attachment":[{"href":"https:\/\/moissonnier.com\/en\/wp-json\/wp\/v2\/media?parent=7049"}],"curies":[{"name":"wp","href":"https:\/\/api.w.org\/{rel}","templated":true}]}}